{"id":49,"date":"2026-02-16T18:37:01","date_gmt":"2026-02-16T18:37:01","guid":{"rendered":"https:\/\/2025.kontinenzkongress.de\/?page_id=49"},"modified":"2026-02-16T18:37:01","modified_gmt":"2026-02-16T18:37:01","slug":"allgemeine-informationen","status":"publish","type":"page","link":"https:\/\/2025.kontinenzkongress.de\/?page_id=49","title":{"rendered":"Allgemeine Informationen"},"content":{"rendered":"\n<p>Alle wichtigen Informationen bez\u00fcglich des 37. Kongresses der Deutschen Kontinenz Gesellschaft e.V. finden Sie in den untenstehenden Dropdown-Feldern.<\/p>\n\n\n\n<div data-wp-context=\"{ &quot;autoclose&quot;: false, &quot;accordionItems&quot;: [] }\" data-wp-interactive=\"core\/accordion\" role=\"group\" class=\"wp-block-accordion is-layout-flow wp-block-accordion-is-layout-flow\">\n<div data-wp-class--is-open=\"state.isOpen\" data-wp-context=\"{ &quot;id&quot;: &quot;accordion-item-1&quot;, &quot;openByDefault&quot;: false }\" data-wp-init=\"callbacks.initAccordionItems\" data-wp-on-window--hashchange=\"callbacks.hashChange\" class=\"wp-block-accordion-item is-layout-flow wp-block-accordion-item-is-layout-flow\">\n<h3 class=\"wp-block-accordion-heading\"><button aria-expanded=\"false\" aria-controls=\"accordion-item-1-panel\" data-wp-bind--aria-expanded=\"state.isOpen\" data-wp-on--click=\"actions.toggle\" data-wp-on--keydown=\"actions.handleKeyDown\" id=\"accordion-item-1\" type=\"button\" class=\"wp-block-accordion-heading__toggle\"><span class=\"wp-block-accordion-heading__toggle-title\">Kongressdatum<\/span><span class=\"wp-block-accordion-heading__toggle-icon\" aria-hidden=\"true\">+<\/span><\/button><\/h3>\n\n\n\n<div inert aria-labelledby=\"accordion-item-1\" data-wp-bind--inert=\"!state.isOpen\" id=\"accordion-item-1-panel\" role=\"region\" class=\"wp-block-accordion-panel is-layout-flow wp-block-accordion-panel-is-layout-flow\">\n<p>Freitag, 27. November 2026, 09.00\u201317.45 Uhr<br>Samstag, 28. November 2026, 09.00\u201313.30 Uhr<\/p>\n<\/div>\n<\/div>\n<\/div>\n\n\n\n<div data-wp-context=\"{ &quot;autoclose&quot;: false, &quot;accordionItems&quot;: [] }\" data-wp-interactive=\"core\/accordion\" role=\"group\" class=\"wp-block-accordion is-layout-flow wp-block-accordion-is-layout-flow\">\n<div data-wp-class--is-open=\"state.isOpen\" data-wp-context=\"{ &quot;id&quot;: &quot;accordion-item-2&quot;, &quot;openByDefault&quot;: false }\" data-wp-init=\"callbacks.initAccordionItems\" data-wp-on-window--hashchange=\"callbacks.hashChange\" class=\"wp-block-accordion-item is-layout-flow wp-block-accordion-item-is-layout-flow\">\n<h3 class=\"wp-block-accordion-heading\"><button aria-expanded=\"false\" aria-controls=\"accordion-item-2-panel\" data-wp-bind--aria-expanded=\"state.isOpen\" data-wp-on--click=\"actions.toggle\" data-wp-on--keydown=\"actions.handleKeyDown\" id=\"accordion-item-2\" type=\"button\" class=\"wp-block-accordion-heading__toggle\"><span class=\"wp-block-accordion-heading__toggle-title\">Kongressort<\/span><span class=\"wp-block-accordion-heading__toggle-icon\" aria-hidden=\"true\">+<\/span><\/button><\/h3>\n\n\n\n<div inert aria-labelledby=\"accordion-item-2\" data-wp-bind--inert=\"!state.isOpen\" id=\"accordion-item-2-panel\" role=\"region\" class=\"wp-block-accordion-panel is-layout-flow wp-block-accordion-panel-is-layout-flow\">\n<p><strong>Congress Centrum W\u00fcrzburg<\/strong><br>Pleichertorstra\u00dfe<br>97070 W\u00fcrzburg<\/p>\n<\/div>\n<\/div>\n<\/div>\n\n\n\n<div data-wp-context=\"{ &quot;autoclose&quot;: false, &quot;accordionItems&quot;: [] }\" data-wp-interactive=\"core\/accordion\" role=\"group\" class=\"wp-block-accordion is-layout-flow wp-block-accordion-is-layout-flow\">\n<div data-wp-class--is-open=\"state.isOpen\" data-wp-context=\"{ &quot;id&quot;: &quot;accordion-item-3&quot;, &quot;openByDefault&quot;: false }\" data-wp-init=\"callbacks.initAccordionItems\" data-wp-on-window--hashchange=\"callbacks.hashChange\" class=\"wp-block-accordion-item is-layout-flow wp-block-accordion-item-is-layout-flow\">\n<h3 class=\"wp-block-accordion-heading\"><button aria-expanded=\"false\" aria-controls=\"accordion-item-3-panel\" data-wp-bind--aria-expanded=\"state.isOpen\" data-wp-on--click=\"actions.toggle\" data-wp-on--keydown=\"actions.handleKeyDown\" id=\"accordion-item-3\" type=\"button\" class=\"wp-block-accordion-heading__toggle\"><span class=\"wp-block-accordion-heading__toggle-title\">Kongresspr\u00e4sidium<\/span><span class=\"wp-block-accordion-heading__toggle-icon\" aria-hidden=\"true\">+<\/span><\/button><\/h3>\n\n\n\n<div inert aria-labelledby=\"accordion-item-3\" data-wp-bind--inert=\"!state.isOpen\" id=\"accordion-item-3-panel\" role=\"region\" class=\"wp-block-accordion-panel is-layout-flow wp-block-accordion-panel-is-layout-flow\">\n<p><strong>Univ.-Prof. Dr. Karl-Dietrich Sievert<\/strong><br>Klinikum Lippe | Detmold<br><strong>Prof. Dr. Thomas Dimpfl<\/strong><br>Klinikum Kassel<br><strong>Dr. Britta Eik\u00f6tter<\/strong><br>Klinikum Lippe | Detmold<\/p>\n<\/div>\n<\/div>\n<\/div>\n\n\n\n<div data-wp-context=\"{ &quot;autoclose&quot;: false, &quot;accordionItems&quot;: [] }\" data-wp-interactive=\"core\/accordion\" role=\"group\" class=\"wp-block-accordion is-layout-flow wp-block-accordion-is-layout-flow\">\n<div data-wp-class--is-open=\"state.isOpen\" data-wp-context=\"{ &quot;id&quot;: &quot;accordion-item-4&quot;, &quot;openByDefault&quot;: false }\" data-wp-init=\"callbacks.initAccordionItems\" data-wp-on-window--hashchange=\"callbacks.hashChange\" class=\"wp-block-accordion-item is-layout-flow wp-block-accordion-item-is-layout-flow\">\n<h3 class=\"wp-block-accordion-heading\"><button aria-expanded=\"false\" aria-controls=\"accordion-item-4-panel\" data-wp-bind--aria-expanded=\"state.isOpen\" data-wp-on--click=\"actions.toggle\" data-wp-on--keydown=\"actions.handleKeyDown\" id=\"accordion-item-4\" type=\"button\" class=\"wp-block-accordion-heading__toggle\"><span class=\"wp-block-accordion-heading__toggle-title\">Tagunspr\u00e4sidenten AK Funktionelle Urologie<\/span><span class=\"wp-block-accordion-heading__toggle-icon\" aria-hidden=\"true\">+<\/span><\/button><\/h3>\n\n\n\n<div inert aria-labelledby=\"accordion-item-4\" data-wp-bind--inert=\"!state.isOpen\" id=\"accordion-item-4-panel\" role=\"region\" class=\"wp-block-accordion-panel is-layout-flow wp-block-accordion-panel-is-layout-flow\">\n<p><strong>Prof. Dr. Christian Hampel<\/strong><br>Marienhospital Erwitte<br><strong>Dr. Dr. Stephanie Ku\u00fcpfer<\/strong><br>Universit\u00e4tsklinikum Bonn<\/p>\n<\/div>\n<\/div>\n<\/div>\n\n\n\n<div data-wp-context=\"{ &quot;autoclose&quot;: false, &quot;accordionItems&quot;: [] }\" data-wp-interactive=\"core\/accordion\" role=\"group\" class=\"wp-block-accordion is-layout-flow wp-block-accordion-is-layout-flow\">\n<div data-wp-class--is-open=\"state.isOpen\" data-wp-context=\"{ &quot;id&quot;: &quot;accordion-item-5&quot;, &quot;openByDefault&quot;: false }\" data-wp-init=\"callbacks.initAccordionItems\" data-wp-on-window--hashchange=\"callbacks.hashChange\" class=\"wp-block-accordion-item is-layout-flow wp-block-accordion-item-is-layout-flow\">\n<h3 class=\"wp-block-accordion-heading\"><button aria-expanded=\"false\" aria-controls=\"accordion-item-5-panel\" data-wp-bind--aria-expanded=\"state.isOpen\" data-wp-on--click=\"actions.toggle\" data-wp-on--keydown=\"actions.handleKeyDown\" id=\"accordion-item-5\" type=\"button\" class=\"wp-block-accordion-heading__toggle\"><span class=\"wp-block-accordion-heading__toggle-title\">Fortbildunspunkte | Zertifizierung<\/span><span class=\"wp-block-accordion-heading__toggle-icon\" aria-hidden=\"true\">+<\/span><\/button><\/h3>\n\n\n\n<div inert aria-labelledby=\"accordion-item-5\" data-wp-bind--inert=\"!state.isOpen\" id=\"accordion-item-5-panel\" role=\"region\" class=\"wp-block-accordion-panel is-layout-flow wp-block-accordion-panel-is-layout-flow\">\n<p><strong>Bayerische Landes\u00e4rztekammer<\/strong><br>Der Kongress wird bei der Bayerischen Landes\u00e4rztekammer zur Zertifizierung angemeldet. Die Fortbildungspunkte werden vor Ort&nbsp;erfasst und nach dem Kongress automatisch&nbsp;auf Ihrem Fortbildungskonto gutgeschrieben. Bitte denken Sie daran, sich pro Tag bei den Hostessen vor Ort einzuscannen. Nur so k\u00f6nnen wir Ihre Anwesenheit erfassen. Alle Teilnahmebescheinigungen werden per E-Mail verschickt.<br><br><strong>Fachgesellschaft Stoma, Kontinenz und Wunde e.V.<\/strong><br>Der Kongress wird bei der Fachgesellschaft Stoma, Kontinenz und Wunde e.V. voraussichtlich mit 4 Punkten pro Tag bewertet.<br><br><strong>Registrierung beruflich Pflegender<\/strong><br>Die RbP &#8211; Registrierung beruflich Pflegender GmbH zertifiziert den Kongress voraussichtlich mit 10 Punkten.<\/p>\n<\/div>\n<\/div>\n<\/div>\n\n\n\n<div data-wp-context=\"{ &quot;autoclose&quot;: false, &quot;accordionItems&quot;: [] }\" data-wp-interactive=\"core\/accordion\" role=\"group\" class=\"wp-block-accordion is-layout-flow wp-block-accordion-is-layout-flow\">\n<div data-wp-class--is-open=\"state.isOpen\" data-wp-context=\"{ &quot;id&quot;: &quot;accordion-item-6&quot;, &quot;openByDefault&quot;: false }\" data-wp-init=\"callbacks.initAccordionItems\" data-wp-on-window--hashchange=\"callbacks.hashChange\" class=\"wp-block-accordion-item is-layout-flow wp-block-accordion-item-is-layout-flow\">\n<h3 class=\"wp-block-accordion-heading\"><button aria-expanded=\"false\" aria-controls=\"accordion-item-6-panel\" data-wp-bind--aria-expanded=\"state.isOpen\" data-wp-on--click=\"actions.toggle\" data-wp-on--keydown=\"actions.handleKeyDown\" id=\"accordion-item-6\" type=\"button\" class=\"wp-block-accordion-heading__toggle\"><span class=\"wp-block-accordion-heading__toggle-title\">Kongresssprache<\/span><span class=\"wp-block-accordion-heading__toggle-icon\" aria-hidden=\"true\">+<\/span><\/button><\/h3>\n\n\n\n<div inert aria-labelledby=\"accordion-item-6\" data-wp-bind--inert=\"!state.isOpen\" id=\"accordion-item-6-panel\" role=\"region\" class=\"wp-block-accordion-panel is-layout-flow wp-block-accordion-panel-is-layout-flow\">\n<p>Vortr\u00e4ge und Diskussionen sind vorrangig auf Deutsch.<\/p>\n<\/div>\n<\/div>\n<\/div>\n\n\n\n<div data-wp-context=\"{ &quot;autoclose&quot;: false, &quot;accordionItems&quot;: [] }\" data-wp-interactive=\"core\/accordion\" role=\"group\" class=\"wp-block-accordion is-layout-flow wp-block-accordion-is-layout-flow\">\n<div data-wp-class--is-open=\"state.isOpen\" data-wp-context=\"{ &quot;id&quot;: &quot;accordion-item-7&quot;, &quot;openByDefault&quot;: false }\" data-wp-init=\"callbacks.initAccordionItems\" data-wp-on-window--hashchange=\"callbacks.hashChange\" class=\"wp-block-accordion-item is-layout-flow wp-block-accordion-item-is-layout-flow\">\n<h3 class=\"wp-block-accordion-heading\"><button aria-expanded=\"false\" aria-controls=\"accordion-item-7-panel\" data-wp-bind--aria-expanded=\"state.isOpen\" data-wp-on--click=\"actions.toggle\" data-wp-on--keydown=\"actions.handleKeyDown\" id=\"accordion-item-7\" type=\"button\" class=\"wp-block-accordion-heading__toggle\"><span class=\"wp-block-accordion-heading__toggle-title\">Veranstaltende Organisation (wissenschaftlicher Bereich)<\/span><span class=\"wp-block-accordion-heading__toggle-icon\" aria-hidden=\"true\">+<\/span><\/button><\/h3>\n\n\n\n<div inert aria-labelledby=\"accordion-item-7\" data-wp-bind--inert=\"!state.isOpen\" id=\"accordion-item-7-panel\" role=\"region\" class=\"wp-block-accordion-panel is-layout-flow wp-block-accordion-panel-is-layout-flow\">\n<p><strong>Deutsche Kontinenz Gesellschaft e.V.<\/strong><br>Friedrichstr. 15<br>60323 Frankfurt\/Main<\/p>\n<\/div>\n<\/div>\n<\/div>\n\n\n\n<div data-wp-context=\"{ &quot;autoclose&quot;: false, &quot;accordionItems&quot;: [] }\" data-wp-interactive=\"core\/accordion\" role=\"group\" class=\"wp-block-accordion is-layout-flow wp-block-accordion-is-layout-flow\">\n<div data-wp-class--is-open=\"state.isOpen\" data-wp-context=\"{ &quot;id&quot;: &quot;accordion-item-8&quot;, &quot;openByDefault&quot;: false }\" data-wp-init=\"callbacks.initAccordionItems\" data-wp-on-window--hashchange=\"callbacks.hashChange\" class=\"wp-block-accordion-item is-layout-flow wp-block-accordion-item-is-layout-flow\">\n<h3 class=\"wp-block-accordion-heading\"><button aria-expanded=\"false\" aria-controls=\"accordion-item-8-panel\" data-wp-bind--aria-expanded=\"state.isOpen\" data-wp-on--click=\"actions.toggle\" data-wp-on--keydown=\"actions.handleKeyDown\" id=\"accordion-item-8\" type=\"button\" class=\"wp-block-accordion-heading__toggle\"><span class=\"wp-block-accordion-heading__toggle-title\">Kongressorganisation und veranstaltende Organisation (kommerzieller Bereich)<\/span><span class=\"wp-block-accordion-heading__toggle-icon\" aria-hidden=\"true\">+<\/span><\/button><\/h3>\n\n\n\n<div inert aria-labelledby=\"accordion-item-8\" data-wp-bind--inert=\"!state.isOpen\" id=\"accordion-item-8-panel\" role=\"region\" class=\"wp-block-accordion-panel is-layout-flow wp-block-accordion-panel-is-layout-flow\">\n<p><strong>KelCon GmbH<\/strong><br>Tauentzienstr. 1<br>10789 Berlin<\/p>\n\n\n\n<p>Tel.: +49 30 679 66 88 -59<br>Fax: +49 30 679 66 88 -55<br>E-Mail: <a href=\"mailto:j.broehl@kelcon.de?subject=Kontinenzkongress%202026%20%7C%20Frage\">j.broehl@kelcon.de<\/a><\/p>\n<\/div>\n<\/div>\n<\/div>\n\n\n\n<div data-wp-context=\"{ &quot;autoclose&quot;: false, &quot;accordionItems&quot;: [] }\" data-wp-interactive=\"core\/accordion\" role=\"group\" class=\"wp-block-accordion is-layout-flow wp-block-accordion-is-layout-flow\">\n<div data-wp-class--is-open=\"state.isOpen\" data-wp-context=\"{ &quot;id&quot;: &quot;accordion-item-9&quot;, &quot;openByDefault&quot;: false }\" data-wp-init=\"callbacks.initAccordionItems\" data-wp-on-window--hashchange=\"callbacks.hashChange\" class=\"wp-block-accordion-item is-layout-flow wp-block-accordion-item-is-layout-flow\">\n<h3 class=\"wp-block-accordion-heading\"><button aria-expanded=\"false\" aria-controls=\"accordion-item-9-panel\" data-wp-bind--aria-expanded=\"state.isOpen\" data-wp-on--click=\"actions.toggle\" data-wp-on--keydown=\"actions.handleKeyDown\" id=\"accordion-item-9\" type=\"button\" class=\"wp-block-accordion-heading__toggle\"><span class=\"wp-block-accordion-heading__toggle-title\">Fotografieren | Filmaufnahmen<\/span><span class=\"wp-block-accordion-heading__toggle-icon\" aria-hidden=\"true\">+<\/span><\/button><\/h3>\n\n\n\n<div inert aria-labelledby=\"accordion-item-9\" data-wp-bind--inert=\"!state.isOpen\" id=\"accordion-item-9-panel\" role=\"region\" class=\"wp-block-accordion-panel is-layout-flow wp-block-accordion-panel-is-layout-flow\">\n<p>Es ist untersagt, w\u00e4hrend den wissenschaftlichen Sitzungen ohne ausdr\u00fcckliche Genehmigung der veranstaltenden Organisation zu fotografieren, zu filmen oder Tonmitschnitte vorzunehmen. Zuwiderhandlung kann den Ausschluss von des Kongresses zur Folge haben. W\u00e4hrend des gesamten Kongresses werden im Auftrag der veranstaltenden Organisation Foto- und Filmaufnahmen angefertigt. Teilnehmende gestatten mit Betreten des Kongressgel\u00e4ndes sowie mit der Anmeldung zum Kongress die Anfertigung und umfassende Verwertung der Aufnahmen. Die veranstaltende Organisation ist berechtigt, die Nutzungsrechte an den Aufnahmen jeweils Dritten \u2013 unter Wahrung der Datenschutzgrundverordnung \u2013 einzur\u00e4umen, solange die Nutzung dem wissenschaftlichen Zweck dient und in Zusammenhang mit dem Kongress steht.<\/p>\n<\/div>\n<\/div>\n<\/div>\n\n\n\n<div data-wp-context=\"{ &quot;autoclose&quot;: false, &quot;accordionItems&quot;: [] }\" data-wp-interactive=\"core\/accordion\" role=\"group\" class=\"wp-block-accordion is-layout-flow wp-block-accordion-is-layout-flow\">\n<div data-wp-class--is-open=\"state.isOpen\" data-wp-context=\"{ &quot;id&quot;: &quot;accordion-item-10&quot;, &quot;openByDefault&quot;: false }\" data-wp-init=\"callbacks.initAccordionItems\" data-wp-on-window--hashchange=\"callbacks.hashChange\" class=\"wp-block-accordion-item is-layout-flow wp-block-accordion-item-is-layout-flow\">\n<h3 class=\"wp-block-accordion-heading\"><button aria-expanded=\"false\" aria-controls=\"accordion-item-10-panel\" data-wp-bind--aria-expanded=\"state.isOpen\" data-wp-on--click=\"actions.toggle\" data-wp-on--keydown=\"actions.handleKeyDown\" id=\"accordion-item-10\" type=\"button\" class=\"wp-block-accordion-heading__toggle\"><span class=\"wp-block-accordion-heading__toggle-title\">Haftung<\/span><span class=\"wp-block-accordion-heading__toggle-icon\" aria-hidden=\"true\">+<\/span><\/button><\/h3>\n\n\n\n<div inert aria-labelledby=\"accordion-item-10\" data-wp-bind--inert=\"!state.isOpen\" id=\"accordion-item-10-panel\" role=\"region\" class=\"wp-block-accordion-panel is-layout-flow wp-block-accordion-panel-is-layout-flow\">\n<p>Gegen\u00fcber den Teilnehmenden besteht keine Schadensersatzpflicht, wenn die veranstaltende Organisation oder die KelCon GmbH in F\u00e4llen h\u00f6herer Gewalt berechtigt oder aufgrund beh\u00f6rdlicher Anordnung oder aus Sicherheitsgr\u00fcnden verpflichtet ist, \u00c4nderungen in der Durchf\u00fchrung der Veranstaltung vorzunehmen oder diese abzusagen. Die veranstaltende Organisation, die Kongressorganisation und der Veranstaltungsort haften nicht f\u00fcr leicht fahrl\u00e4ssig verursachte Sach- und Verm\u00f6genssch\u00e4den. F\u00fcr typische und nicht vorhersehbare Folgesch\u00e4den besteht &#8211;\u00a0au\u00dfer bei Vorsatz &#8211;\u00a0keine Haftung. Die vorstehenden Haftungsbeschr\u00e4nkungen erstrecken sich auch auf die pers\u00f6nliche Schadenersatzhaftung der Angestellten, Vertreter:innen, Erf\u00fcllungsgehilf:innen und Dritten, derer sich im Zusammenhang mit der Durchf\u00fchrung der Veranstaltung bedient wird bzw. mit denen zu diesem Zweck eine vertragliche Vereinbarung geschlossen ist. Es wird im Allgemeinen keine Haftung f\u00fcr verwahrte oder mitgebrachte Gegenst\u00e4nde \u00fcbernommen.<\/p>\n<\/div>\n<\/div>\n<\/div>\n\n\n\n<div data-wp-context=\"{ &quot;autoclose&quot;: false, &quot;accordionItems&quot;: [] }\" data-wp-interactive=\"core\/accordion\" role=\"group\" class=\"wp-block-accordion is-layout-flow wp-block-accordion-is-layout-flow\">\n<div data-wp-class--is-open=\"state.isOpen\" data-wp-context=\"{ &quot;id&quot;: &quot;accordion-item-11&quot;, &quot;openByDefault&quot;: false }\" data-wp-init=\"callbacks.initAccordionItems\" data-wp-on-window--hashchange=\"callbacks.hashChange\" class=\"wp-block-accordion-item is-layout-flow wp-block-accordion-item-is-layout-flow\">\n<h3 class=\"wp-block-accordion-heading\"><button aria-expanded=\"false\" aria-controls=\"accordion-item-11-panel\" data-wp-bind--aria-expanded=\"state.isOpen\" data-wp-on--click=\"actions.toggle\" data-wp-on--keydown=\"actions.handleKeyDown\" id=\"accordion-item-11\" type=\"button\" class=\"wp-block-accordion-heading__toggle\"><span class=\"wp-block-accordion-heading__toggle-title\">Datenschutz<\/span><span class=\"wp-block-accordion-heading__toggle-icon\" aria-hidden=\"true\">+<\/span><\/button><\/h3>\n\n\n\n<div inert aria-labelledby=\"accordion-item-11\" data-wp-bind--inert=\"!state.isOpen\" id=\"accordion-item-11-panel\" role=\"region\" class=\"wp-block-accordion-panel is-layout-flow wp-block-accordion-panel-is-layout-flow\">\n<p><br>F\u00fcr Ihre Anmeldung zu o.g. Kongress ist das Erheben, Speichern und Verarbeiten Ihrer pers\u00f6nlichen Daten unumg\u00e4nglich. Dies geschieht ausschlie\u00dflich zum Zweck der Organisation und Durchf\u00fchrung der Veranstaltung. Ihre Daten werden nur an Dritte weitergegeben, die direkt in den Kongressablauf involviert sind, und wenn der organisatorische Ablauf dies erforderlich macht. Unser Unternehmen behandelt alle personenbezogenen Daten nach den Vorgaben der Europ\u00e4ischen DS-GVO und BDSG-Neue Fassung. Ausf\u00fchrliche Informationen entnehmen Sie bitte unserer Datenschutzerkl\u00e4rung unter <a href=\"http:\/\/www.kontinenzkongress.de\/de\/Kelcon\/Datenschutz\/\" target=\"_blank\" rel=\"noreferrer noopener\">www.kontinenzkongress.de\/de\/Kelcon\/Datenschutz\/<\/a><\/p>\n<\/div>\n<\/div>\n<\/div>\n\n\n\n<p><\/p>\n","protected":false},"excerpt":{"rendered":"<p>Alle wichtigen Informationen bez\u00fcglich des 37. Kongresses der Deutschen Kontinenz Gesellschaft e.V. finden Sie in den untenstehenden Dropdown-Feldern.<\/p>\n","protected":false},"author":1,"featured_media":0,"parent":0,"menu_order":0,"comment_status":"closed","ping_status":"closed","template":"","meta":{"neve_meta_sidebar":"","neve_meta_container":"","neve_meta_enable_content_width":"","neve_meta_content_width":0,"neve_meta_title_alignment":"","neve_meta_author_avatar":"","neve_post_elements_order":"","neve_meta_disable_header":"","neve_meta_disable_footer":"","neve_meta_disable_title":"","footnotes":""},"class_list":["post-49","page","type-page","status-publish","hentry"],"_links":{"self":[{"href":"https:\/\/2025.kontinenzkongress.de\/index.php?rest_route=\/wp\/v2\/pages\/49","targetHints":{"allow":["GET"]}}],"collection":[{"href":"https:\/\/2025.kontinenzkongress.de\/index.php?rest_route=\/wp\/v2\/pages"}],"about":[{"href":"https:\/\/2025.kontinenzkongress.de\/index.php?rest_route=\/wp\/v2\/types\/page"}],"author":[{"embeddable":true,"href":"https:\/\/2025.kontinenzkongress.de\/index.php?rest_route=\/wp\/v2\/users\/1"}],"replies":[{"embeddable":true,"href":"https:\/\/2025.kontinenzkongress.de\/index.php?rest_route=%2Fwp%2Fv2%2Fcomments&post=49"}],"version-history":[{"count":1,"href":"https:\/\/2025.kontinenzkongress.de\/index.php?rest_route=\/wp\/v2\/pages\/49\/revisions"}],"predecessor-version":[{"id":50,"href":"https:\/\/2025.kontinenzkongress.de\/index.php?rest_route=\/wp\/v2\/pages\/49\/revisions\/50"}],"wp:attachment":[{"href":"https:\/\/2025.kontinenzkongress.de\/index.php?rest_route=%2Fwp%2Fv2%2Fmedia&parent=49"}],"curies":[{"name":"wp","href":"https:\/\/api.w.org\/{rel}","templated":true}]}}